{"version":"1.0","provider_name":"Shavei Israel","provider_url":"https:\/\/www.shavei.org\/pl\/","author_name":"Esther Surikova","title":"EMOCJONALNE PO\u0141\u0104CZENIE SHAVEIA Z \"RAJDEM \u017bYCIA\u201d - Shavei Israel","type":"rich","width":600,"height":338,"html":"<blockquote class=\"wp-embedded-content\" data-secret=\"HIXukDGByx\"><a href=\"https:\/\/www.shavei.org\/pl\/blog\/2019\/07\/09\/emocjonalne-polaczenie-shaveia-z-rajdem-zycia\/\">EMOCJONALNE PO\u0141\u0104CZENIE SHAVEIA Z &#8222;RAJDEM \u017bYCIA\u201d<\/a><\/blockquote><iframe sandbox=\"allow-scripts\" security=\"restricted\" src=\"https:\/\/www.shavei.org\/pl\/blog\/2019\/07\/09\/emocjonalne-polaczenie-shaveia-z-rajdem-zycia\/embed\/#?secret=HIXukDGByx\" width=\"600\" height=\"338\" title=\"&#8222;EMOCJONALNE PO\u0141\u0104CZENIE SHAVEIA Z &#8222;RAJDEM \u017bYCIA\u201d&#8221; &#8212; Shavei Israel\" data-secret=\"HIXukDGByx\" frameborder=\"0\" marginwidth=\"0\" marginheight=\"0\" scrolling=\"no\" class=\"wp-embedded-content\"><\/iframe><script type=\"text\/javascript\">\n\/* <![CDATA[ *\/\n\/*! This file is auto-generated *\/\n!function(d,l){\"use strict\";l.querySelector&&d.addEventListener&&\"undefined\"!=typeof URL&&(d.wp=d.wp||{},d.wp.receiveEmbedMessage||(d.wp.receiveEmbedMessage=function(e){var t=e.data;if((t||t.secret||t.message||t.value)&&!\/[^a-zA-Z0-9]\/.test(t.secret)){for(var s,r,n,a=l.querySelectorAll('iframe[data-secret=\"'+t.secret+'\"]'),o=l.querySelectorAll('blockquote[data-secret=\"'+t.secret+'\"]'),c=new RegExp(\"^https?:$\",\"i\"),i=0;i<o.length;i++)o[i].style.display=\"none\";for(i=0;i<a.length;i++)s=a[i],e.source===s.contentWindow&&(s.removeAttribute(\"style\"),\"height\"===t.message?(1e3<(r=parseInt(t.value,10))?r=1e3:~~r<200&&(r=200),s.height=r):\"link\"===t.message&&(r=new URL(s.getAttribute(\"src\")),n=new URL(t.value),c.test(n.protocol))&&n.host===r.host&&l.activeElement===s&&(d.top.location.href=t.value))}},d.addEventListener(\"message\",d.wp.receiveEmbedMessage,!1),l.addEventListener(\"DOMContentLoaded\",function(){for(var e,t,s=l.querySelectorAll(\"iframe.wp-embedded-content\"),r=0;r<s.length;r++)(t=(e=s[r]).getAttribute(\"data-secret\"))||(t=Math.random().toString(36).substring(2,12),e.src+=\"#?secret=\"+t,e.setAttribute(\"data-secret\",t)),e.contentWindow.postMessage({message:\"ready\",secret:t},\"*\")},!1)))}(window,document);\n\/\/# sourceURL=https:\/\/www.shavei.org\/wp-includes\/js\/wp-embed.min.js\n\/* ]]> *\/\n<\/script>\n","thumbnail_url":"https:\/\/www.shavei.org\/wp-content\/uploads\/2019\/07\/4d1bb149-1d90-4f87-924c-371fdc6a9834.jpg","thumbnail_width":1600,"thumbnail_height":1066,"description":"Podczas corocznego Festiwalu Kultury \u017bydowskiej w Krakowie odby\u0142o si\u0119 wiele pi\u0119knych i wa\u017cnych wydarze\u0144. Mia\u0142y one na celu zachowanie autentycznych osi\u0105gni\u0119\u0107 kulturalnych lokalnej spo\u0142eczno\u015bci \u017cydowskiej i podzielenie si\u0119 nimi z szerok\u0105 publiczno\u015bci\u0105. Jednym z wyczyn\u00f3w by\u0142a &#8222;Rajd \u017bycia\u201d\u00a0 &#8211; 60-kilometrowa jazda rowerem z Auschwitz do..."}