{"id":15828,"date":"2016-01-03T03:22:09","date_gmt":"2016-01-03T03:22:09","guid":{"rendered":"https:\/\/www.shavei.org\/es\/?page_id=15828"},"modified":"2017-03-15T11:49:46","modified_gmt":"2017-03-15T09:49:46","slug":"bnei-anusim","status":"publish","type":"page","link":"https:\/\/www.shavei.org\/es\/communities\/bnei-anusim\/","title":{"rendered":"Bnei Anusim"},"content":{"rendered":"<div class=\"wpb-content-wrapper\"><p>[vc_row row_type=\u00bbrow\u00bb use_row_as_full_screen_section=\u00bbno\u00bb type=\u00bbgrid\u00bb angled_section=\u00bbno\u00bb text_align=\u00bbleft\u00bb background_image_as_pattern=\u00bbwithout_pattern\u00bb background_color=\u00bb#f1f1f1&#8243; padding_top=\u00bb48&#8243; padding_bottom=\u00bb52&#8243; css_animation=\u00bb\u00bb][vc_column][vc_column_text]<\/p>\n<h6 style=\"text-align: center;\">En los \u00faltimos a\u00f1os, en toda Espa\u00f1a, Portugal, Italia y Am\u00e9rica del Sur, un creciente n\u00famero de descendientes de <em>Bnei Anusim<\/em> est\u00e1 emergiendo de las sombras de la historia, en busca de volver a conectarse con el pueblo jud\u00edo y retornar\u00a0a la fe que ha sido tan cruelmente arrebatada a sus antepasados hace cinco siglos atr\u00e1s.<\/h6>\n<p>[\/vc_column_text][\/vc_column][\/vc_row]<\/p>\n<p>[vc_row row_type=\u00bbrow\u00bb type=\u00bbgrid\u00bb text_align=\u00bbleft\u00bb padding_top=\u00bb87&#8243; padding_bottom=\u00bb34&#8243;][vc_column width=\u00bb1\/1&#8243;][vc_row_inner]<\/p>\n<p>[vc_column_inner width=\u00bb1\/4&#8243;][service_table title_background_type=\u00bbbackground_image_type\u00bb background_image_height=\u00bb147&#8243; icon_size=\u00bbfa-lg\u00bb background_image=\u00bb25019&#8243;][vc_separator type=\u00bbtransparent\u00bb position=\u00bbcenter\u00bb up=\u00bb16&#8243; down=\u00bb0&#8243;][vc_column_text]<\/p>\n<h4 style=\"text-align: left;\">BNEI ANUSIM EN ESPA\u00d1A<\/h4>\n<p>[\/vc_column_text][vc_separator type=\u00bbtransparent\u00bb up=\u00bb12&#8243; down=\u00bb0&#8243;][vc_column_text]La comunidad jud\u00eda medieval espa\u00f1ola, era de las m\u00e1s antiguas, florecientes y fruct\u00edferas de la \u00e9poca. A pesar de esto, a partir de 1391, terribles disturbios tuvieron lugar contra los jud\u00edos, resultando en olas de conversiones forzadas al catolicismo. Esto, tuvo lugar hasta los a\u00f1os 1492, cuando los jud\u00edos fueron expulsados del reino de Espa\u00f1a. Muchos de estos conversos \u2013 conocidos con el t\u00e9rmino hebreo de Anusim (forzados) \u2013 conservaron su identidad jud\u00eda y continuaron cumpliendo secretamente con algunas de las costumbres y tradiciones de sus ancestros. La huella de este fen\u00f3meno, el cual durante siglos fue cruelmente perseguido por la Inquisici\u00f3n, llega incluso hasta nuestros d\u00edas. Uno de los m\u00e1s famosos ejemplo son los jud\u00edos de Palma de Mallorca, conocidos como \u201cChuetas\u201d, quienes conservan su identidad hasta la actualidad.[\/vc_column_text][vc_separator type=\u00bbtransparent\u00bb position=\u00bbcenter\u00bb up=\u00bb59&#8243; down=\u00bb0&#8243;][\/vc_column_inner]<\/p>\n<p>[vc_column_inner width=\u00bb1\/4&#8243;][service_table title_background_type=\u00bbbackground_image_type\u00bb background_image_height=\u00bb147&#8243; icon_size=\u00bbfa-lg\u00bb background_image=\u00bb25021&#8243;][vc_separator type=\u00bbtransparent\u00bb position=\u00bbcenter\u00bb up=\u00bb16&#8243; down=\u00bb0&#8243;][vc_column_text]<\/p>\n<h4 style=\"text-align: left;\">BNEI ANUSIM EN PORTUGAL<\/h4>\n<p>[\/vc_column_text][vc_separator type=\u00bbtransparent\u00bb up=\u00bb12&#8243; down=\u00bb0&#8243;][vc_column_text]En 1497, el Rey de Portugal, le dio a los jud\u00edos a elegir entre la conversi\u00f3n o la muerte, tan solo algunos eligieron por esta \u00faltima, pero la mayor parte de la juder\u00eda portuguesa opt\u00f3 por el bautizmo en contra de su voluntad. Sin embargo, la mayor\u00eda de estos \u201cnuevos cristianos\u201d hicieron todo lo posible para permanecer leales a sus ra\u00edces jud\u00edas y para transmitir a las mismas de generaci\u00f3n en generaci\u00f3n. Mientras que algunos fueron descubiertos por la inquisici\u00f3n, otros lograron preservar y transmitir su identidad. Posiblemente, el ejemplo m\u00e1s famoso, es la comunidad de Belmonte, en el norte de Portugal, donde 150 Bnei Anusim fueron formalmente restaurados al pueblo jud\u00edo por una corte rab\u00ednica enviada desde Israel.[\/vc_column_text][vc_separator type=\u00bbtransparent\u00bb position=\u00bbcenter\u00bb up=\u00bb59&#8243; down=\u00bb0&#8243;][\/vc_column_inner]<\/p>\n<p>[vc_column_inner width=\u00bb1\/4&#8243;][service_table title_background_type=\u00bbbackground_image_type\u00bb background_image_height=\u00bb147&#8243; icon_size=\u00bbfa-lg\u00bb background_image=\u00bb25022&#8243;][vc_separator type=\u00bbtransparent\u00bb position=\u00bbcenter\u00bb up=\u00bb16&#8243; down=\u00bb0&#8243;][vc_column_text]<\/p>\n<h4 style=\"text-align: left;\">BNEI ANUSIM EN AM\u00c9RICA LATINA<\/h4>\n<p>[\/vc_column_text][vc_separator type=\u00bbtransparent\u00bb up=\u00bb12&#8243; down=\u00bb0&#8243;][vc_column_text]Abierto el camino para el nuevo mundo, a partir del siglo XV, el nuevo continente pas\u00f3 a representar para los Bnei Anusim una vida mejor y la esperanza de retornar a su antigua religi\u00f3n. Durante varias d\u00e9cadas, los Bnei Anusim participaron de forma activa en la colonizaci\u00f3n y desarrollo del nuevo mundo. Mientras tanto, las garras de la inquisici\u00f3n se extendieron a las nuevas colonias, pero esto no logr\u00f3 apagar las llamas del juda\u00edsmo. Muchas familias preservaron costumbres y rituales jud\u00edos, junto con la sensaci\u00f3n de pertenencia al pueblo jud\u00edo. Estos, fueron transmitidos de generaci\u00f3n en generaci\u00f3n hasta nuestros d\u00edas. La llama a\u00fan sigue ardiendo en pa\u00edses tales como Brasil, Colombia, M\u00e9xico, Costa Rica y El Salvador, los Bnei Anusim de Am\u00e9rica Latina piden nuevamente unirse al pueblo jud\u00edo y a la naci\u00f3n de Israel.[\/vc_column_text]<br \/>\n[vc_separator type=\u00bbtransparent\u00bb position=\u00bbcenter\u00bb up=\u00bb59&#8243; down=\u00bb0&#8243;][\/vc_column_inner]<\/p>\n<p>[vc_column_inner width=\u00bb1\/4&#8243;][service_table title_background_type=\u00bbbackground_image_type\u00bb background_image_height=\u00bb147&#8243; icon_size=\u00bbfa-lg\u00bb background_image=\u00bb46588&#8243;][vc_separator type=\u00bbtransparent\u00bb position=\u00bbcenter\u00bb up=\u00bb16&#8243; down=\u00bb0&#8243;][vc_column_text]<\/p>\n<h4 style=\"text-align: left;\">BNEI ANUSIM EN ITALIA<\/h4>\n<p>[\/vc_column_text][vc_separator type=\u00bbtransparent\u00bb up=\u00bb12&#8243; down=\u00bb0&#8243;][vc_column_text]La juder\u00eda italiana remonta sus ra\u00edces a la \u00e9poca de los macabeos, con una historia ininterrumpida de m\u00e1s de 2000 a\u00f1os. En el sur de Italia, el pueblo jud\u00edo se encuentra presente desde antes de la destrucci\u00f3n del Segundo Templo, viviendo la primera etapa con serenidad y prosperidad. Durante casi ocho siglos, los jud\u00edos vivieron en Sicilia, hasta que en el a\u00f1o 1493, el edicto de expulsi\u00f3n de los reyes Fernando e Isabel de Castilla, acab\u00f3 tambi\u00e9n con las comunidades sicilianas. Estas \u00faltimas, debieron elegir entre dos terribles alternativas: el exilio o el bautismo. Muchos jud\u00edos sicilianos eligieron el exilio. Los m\u00e1s afortunados fueron a Grecia o a Turqu\u00eda, donde fundaron nuevas comunidades, otros fueron a Roma o al Reinado de N\u00e1poles, donde recibieron ayuda de Don Ytzjak Abravanel, tambi\u00e9n \u00e9l refugiado de Espa\u00f1a. Pero en 1540, el Rey de N\u00e1poles decidi\u00f3 expulsar a toda la comunidad jud\u00eda de su reinado, por lo que nuevamente la juder\u00eda italiana se vio obligada a decidir entre el exilio o el bautismo. Aquellos que se quedaron en Sicilia y el sur de Italia eligieron el camino del cripto-juda\u00edsmo, viviendo su juda\u00edsmo en secreto y transmitiendo su verdadera identidad a las nuevas generaciones, incluso a costa de su vida o siendo puesto prisioneros en el terrible Palacio de Steri en Palermo. Actualmente, en Catania, Apulia, N\u00e1poles y Palermo, tenemos el m\u00e9rito de ver muchos de los descendientes de los anusim italianos regresar a sus ra\u00edces jud\u00edas.[\/vc_column_text][vc_separator type=\u00bbtransparent\u00bb position=\u00bbcenter\u00bb up=\u00bb29&#8243; down=\u00bb0&#8243;][\/vc_column_inner]<br \/>\n[\/vc_row_inner][\/vc_column][\/vc_row]<\/p>\n<p>[vc_row row_type=\u00bbrow\u00bb type=\u00bbgrid\u00bb text_align=\u00bbleft\u00bb padding_top=\u00bb4&#8243; padding_bottom=\u00bb0&#8243;]<br \/>\n[vc_column width=\u00bb1\/1&#8243;][vc_column_text]<\/p>\n<h2 style=\"text-align: center;\">Art\u00edculos Recientes<\/h2>\n<p>[\/vc_column_text][vc_separator type=\u00bbtransparent\u00bb position=\u00bbcenter\u00bb up=\u00bb62&#8243; down=\u00bb15&#8243;][vc_row_inner][vc_column_inner width=\u00bb1\/1&#8243;][latest_post type=\u00bbboxes\u00bb number_of_colums=\u00bb4&#8243; order_by=\u00bbdate\u00bb order=\u00bbDESC\u00bb display_category=\u00bb0&#8243; display_time=\u00bb1&#8243; display_comments=\u00bb0&#8243; display_like=\u00bb0&#8243; display_share=\u00bb0&#8243; text_length=\u00bb260&#8243;][vc_separator type=\u00bbtransparent\u00bb position=\u00bbcenter\u00bb up=\u00bb26&#8243; down=\u00bb0&#8243;][vc_column_text]<\/p>\n<h6 style=\"text-align: center;\">[button target=\u00bb_self\u00bb text=\u00bbM\u00e1s Art\u00edculos\u00a0Recientes\u00bb link=\u00bbhttps:\/\/www.shavei.org\/es\/bnei-anusim\/\u00bb text_align=\u00bbcenter\u00bb size=\u00bblarge\u00bb][vc_separator type=\u00bbtransparent\u00bb position=\u00bbcenter\u00bb down=\u00bb29&#8243; up=\u00bb5&#8243;]<\/h6>\n<p>[\/vc_column_text][\/vc_column_inner][\/vc_row_inner][\/vc_column][\/vc_row]<\/p>\n<p>[vc_row row_type=\u00bbparallax\u00bb type=\u00bbfull_width\u00bb text_align=\u00bbleft\u00bb background_image=\u00bb34648&#8243; section_height=\u00bb490&#8243;][vc_column width=\u00bb1\/1&#8243;][vc_separator type=\u00bbtransparent\u00bb position=\u00bbcenter\u00bb up=\u00bb162&#8243; down=\u00bb0&#8243;][custom_font font_family=\u00bbRaleway\u00bb font_size=\u00bb35&#8243; line_height=\u00bb40&#8243; font_style=\u00bbnormal\u00bb text_align=\u00bbleft\u00bb font_weight=\u00bb600&#8243; text_decoration=\u00bbnone\u00bb text_shadow=\u00bbno\u00bb padding=\u00bb17px\u00bb margin=\u00bb0&#8243; border_color=\u00bb#ffffff\u00bb border_width=\u00bb1&#8243; color=\u00bb#ffffff\u00bb letter_spacing=\u00bb1&#8243;]<\/p>\n<h2 style=\"text-align: center;\"><span style=\"color: #ffffff;\">Suscr\u00edbase a nuestro bolet\u00edn informativo<\/span><\/h2>\n<p>[\/custom_font][vc_separator type=\u00bbtransparent\u00bb position=\u00bbcenter\u00bb down=\u00bb10&#8243; up=\u00bb20&#8243;][vc_column_text]<\/p>\n<h6 style=\"text-align: center;\"><span style=\"color: #ffffff;\">Y reciba informaci\u00f3n sobre juda\u00edsmo y las actividades de <strong><span style=\"color: #f53644;\">Shavei Israel<\/span><\/strong> en el mundo.<\/span><\/h6>\n<h6 style=\"text-align: center;\"><span style=\"color: #ffffff;\">Respetamos su privacidad y no toleramos el spam. <\/span>[vc_separator type=\u00bbtransparent\u00bb position=\u00bbcenter\u00bb down=\u00bb29&#8243; up=\u00bb5&#8243;][button target=\u00bb_self\u00bb text=\u00bbSUSCR\u00cdBAME\u00bb link=\u00bbhttps:\/\/eepurl.com\/cadWfr\u00bb text_align=\u00bbcenter\u00bb size=\u00bblarge\u00bb]<\/h6>\n<p>[\/vc_column_text][vc_separator type=\u00bbtransparent\u00bb position=\u00bbcenter\u00bb up=\u00bb151&#8243; down=\u00bb0&#8243;][\/vc_column][\/vc_row]<\/p>\n<p>[vc_row row_type=\u00bbrow\u00bb use_row_as_full_screen_section=\u00bbno\u00bb type=\u00bbgrid\u00bb angled_section=\u00bbno\u00bb text_align=\u00bbleft\u00bb background_image_as_pattern=\u00bbwithout_pattern\u00bb padding_top=\u00bb87&#8243; css_animation=\u00bb\u00bb][vc_column_text]<\/p>\n<h2 style=\"text-align: center;\">QU\u00c9 HACEMOS<\/h2>\n<p>[\/vc_column_text][vc_column width=\u00bb1\/2&#8243;][vc_separator type=\u00bbtransparent\u00bb up=\u00bb24&#8243; down=\u00bb0&#8243;][vc_separator type=\u00bbtransparent\u00bb up=\u00bb7&#8243; down=\u00bb0&#8243;][vc_accordion style=\u00bbaccordion\u00bb][vc_accordion_tab title=\u00bbPaseo en Israel\u00bb][vc_column_text]Shavei Israel realiza programas para Bnei Anusim, en el cual los mismos recorren la Tierra de Israel durante una semana y media, reencontr\u00e1ndose as\u00ed con sus tradiciones y herencias. En adici\u00f3n a los paseos tur\u00edsticos, los cuales poseen una fuerte base hist\u00f3rica-religiosa, los Bnei Anusim participan en conferencias diarias relacionadas con la historia jud\u00eda, la situaci\u00f3n en el medio oriente y en especial la ley jud\u00eda y sus tradiciones. Este viaje, ayuda a los participantes a fortalecer su identidad y a reencontrarse con la herencia perdida, desde ya, es una experiencia inolvidable.[\/vc_column_text][\/vc_accordion_tab][vc_accordion_tab title=\u00bbSeminarios en Europa\u00a0y Am\u00e9rica Latina\u00bb][vc_column_text]el objetivo de los mismos es brindar un marco a todo aquel que desee reencontrarse y recobrar la tradici\u00f3n jud\u00eda, la cual sus antepasados lucharon por preservar, a\u00fan cuando esto pon\u00edan en peligro sus vidas. Los seminarios son un marco para el estudio del juda\u00edsmo, sus leyes, tradiciones e historia. Los seminarios realizados, han tenido lugar en Palma de Mallorca, Barcelona, Madrid, Murcia, Torremolinos, Belmonte, Bogot\u00e1, El Salvador, Palermo y Oporto.[\/vc_column_text][\/vc_accordion_tab][\/vc_accordion][vc_separator type=\u00bbtransparent\u00bb up=\u00bb19&#8243; down=\u00bb0&#8243;][\/vc_column]<br \/>\n[vc_column width=\u00bb1\/2&#8243;][vc_accordion style=\u00bbaccordion\u00bb][vc_accordion_tab title=\u00bbEmisarios de Shavei Israel para Bnei Anusim\u00bb][vc_column_text]Shavei Israel cuenta con seis emisarios para Bnei Anusim, en Espa\u00f1a, Italia, Portugal, Colombia, El Salvador y Chile. El objetivo de los mismos, es establecer contacto con aquellos Bnei Anusim que se encuentran interesados en retornar al juda\u00edsmo, acompa\u00f1arlos y ayudarlos en el proceso de retorno y al mismo tiempo permitirles vivenciar el ciclo de vida jud\u00edo en forma comunitaria.[\/vc_column_text][\/vc_accordion_tab][vc_accordion_tab title=\u00bbMedia social\u00bb][vc_column_text]uno de los medios de contacto que tiene Shavei Israel con los Bnei Anusim en todo el mundo, es la media social y el env\u00edo de un bolet\u00edn informativo semanal, en el cual se publican distintos ensayos relacionados con temas judaicos, bnei anusim y las actividades de Shavei Israel para con los mismos. [\/vc_column_text][\/vc_accordion_tab][vc_accordion_tab title=\u00bbPublicaci\u00f3n de libros\u00bb][vc_column_text]Una de los m\u00e9todos que Shavei Israel ofrece para recuperar la memoria perdida, es la publicaci\u00f3n de libros acerca de juda\u00edsmo, los cuales incluyen conceptos b\u00e1sicos de nuestra religi\u00f3n. La mayor parte de los libros est\u00e1n estructurados en forma did\u00e1ctica, con textos y puntos de reflexi\u00f3n para que de esta forma el lector pueda autoevaluar el conocimiento adquirido. Los libros son de gran ayuda para todo aquel que est\u00e1 interesado en entrar en contacto con el juda\u00edsmo, sus tradiciones y creencias.[\/vc_column_text][\/vc_accordion_tab][\/vc_accordion][vc_separator type=\u00bbtransparent\u00bb up=\u00bb92&#8243; down=\u00bb0&#8243;][\/vc_column][\/vc_row][vc_row row_type=\u00bbrow\u00bb use_row_as_full_screen_section=\u00bbno\u00bb type=\u00bbfull_width\u00bb angled_section=\u00bbno\u00bb text_align=\u00bbleft\u00bb background_image_as_pattern=\u00bbwithout_pattern\u00bb css_animation=\u00bb\u00bb][vc_column][vc_column_text][\/vc_column_text][\/vc_column][\/vc_row]<\/p>\n<p>[vc_row row_type=\u00bbrow\u00bb use_row_as_full_screen_section=\u00bbno\u00bb type=\u00bbgrid\u00bb angled_section=\u00bbno\u00bb text_align=\u00bbleft\u00bb background_image_as_pattern=\u00bbwithout_pattern\u00bb padding_top=\u00bb0&#8243; padding_bottom=\u00bb60&#8243; css_animation=\u00bb\u00bb][vc_column][vc_column_text]<\/p>\n<h2 style=\"text-align: center;\">NUESTRAS HISTORIAS<\/h2>\n<p>[\/vc_column_text][vc_separator type=\u00bbsmall\u00bb position=\u00bbcenter\u00bb up=\u00bb7&#8243; down=\u00bb45&#8243;][latest_post type=\u00bbboxes\u00bb number_of_colums=\u00bb3&#8243; number_of_rows=\u00bb1&#8243; order_by=\u00bbtitle\u00bb order=\u00bbDESC\u00bb display_category=\u00bb0&#8243; display_time=\u00bb1&#8243; display_comments=\u00bb0&#8243; display_like=\u00bb0&#8243; display_share=\u00bb0&#8243; text_length=\u00bb110&#8243; category=\u00bbanusim-historias-personales\u00bb][\/vc_column][\/vc_row][vc_row row_type=\u00bbrow\u00bb use_row_as_full_screen_section=\u00bbno\u00bb type=\u00bbfull_width\u00bb angled_section=\u00bbno\u00bb text_align=\u00bbleft\u00bb background_image_as_pattern=\u00bbwithout_pattern\u00bb css_animation=\u00bb\u00bb][vc_column][vc_column_text]<\/p>\n<h6 style=\"text-align: center;\">[button target=\u00bb_self\u00bb text=\u00bbM\u00e1s Historias Personales\u00bb link=\u00bbhttps:\/\/www.shavei.org\/es\/bnei-anusim\/anusim-historias-personales\/\u00bb text_align=\u00bbcenter\u00bb size=\u00bblarge\u00bb][vc_separator type=\u00bbtransparent\u00bb position=\u00bbcenter\u00bb down=\u00bb29&#8243; up=\u00bb5&#8243;]<\/h6>\n<p>[\/vc_column_text][\/vc_column][\/vc_row]<\/p>\n<p>[vc_row row_type=\u00bbrow\u00bb use_row_as_full_screen_section=\u00bbno\u00bb type=\u00bbgrid\u00bb angled_section=\u00bbno\u00bb text_align=\u00bbleft\u00bb background_image_as_pattern=\u00bbwithout_pattern\u00bb background_color=\u00bb#ffffff\u00bb padding_top=\u00bb0&#8243; padding_bottom=\u00bb0&#8243; css_animation=\u00bb\u00bb]<br \/>\n[vc_column width=\u00bb1\/2&#8243;][vc_single_image image=\u00bb47492&#8243; img_link_target=\u00bb_self\u00bb img_size=\u00bbfull\u00bb][vc_separator type=\u00bbtransparent\u00bb position=\u00bbcenter\u00bb up=\u00bb17&#8243; down=\u00bb0&#8243;][vc_column_text]<\/p>\n<h3>Venta de Libros<\/h3>\n<p>[\/vc_column_text][vc_separator type=\u00bbtransparent\u00bb position=\u00bbcenter\u00bb up=\u00bb10&#8243; down=\u00bb0&#8243;][vc_column_text]Ofrecemos una gran variedad de libros sobre juda\u00edsmo y materiales educativos en distintos idiomas.[\/vc_column_text][vc_separator type=\u00bbtransparent\u00bb position=\u00bbcenter\u00bb up=\u00bb12&#8243; down=\u00bb0&#8243;][button target=\u00bb_blank\u00bb text=\u00bbIngrese a la tienda\u00bb link=\u00bbhttps:\/\/shop.shavei.org\/es\/\u00bb][vc_separator type=\u00bbtransparent\u00bb up=\u00bb55&#8243; down=\u00bb0&#8243;][\/vc_column]<\/p>\n<p>[vc_column width=\u00bb1\/2&#8243;][vc_separator type=\u00bbtransparent\u00bb up=\u00bb5&#8243; down=\u00bb0&#8243;][vc_tabs style=\u00bbboxed\u00bb][vc_tab title=\u00bbVideo\u00bb tab_id=\u00bb1394008745-1-47&#8243;][vc_column_text]<\/p>\n<h4>Nuestros videos muestran las conmovedoras historias de Shavei Israel alrededor del mundo.<\/h4>\n<p>[\/vc_column_text][vc_separator type=\u00bbtransparent\u00bb up=\u00bb10&#8243; down=\u00bb9&#8243;][vc_column_text][latest_post type=\u00bbminimal\u00bb order_by=\u00bbdate\u00bb order=\u00bbDESC\u00bb display_category=\u00bb0&#8243; display_time=\u00bb0&#8243; display_comments=\u00bb0&#8243; display_like=\u00bb0&#8243; number_of_posts=\u00bb3&#8243; category=\u00bbbnei-anusim-video\u00bb][vc_separator type=\u00bbtransparent\u00bb position=\u00bbleft\u00bb up=\u00bb24&#8243; down=\u00bb0&#8243;][button target=\u00bb_self\u00bb text=\u00bbM\u00e1s Bnei Anusim: Video\u00bb link=\u00bbhttps:\/\/www.shavei.org\/es\/bnei-anusim\/bnei-anusim-video\/\u00bb]<br \/>\n[\/vc_column_text][\/vc_tab][vc_tab title=\u00bbAudio\u00bb tab_id=\u00bb1394009428092-2-9&#8243;][vc_column_text]<\/p>\n<h4>Los archivos de audio incluyen entrevistas de radio sobre las distintas comunidades.<\/h4>\n<p>[\/vc_column_text][vc_separator type=\u00bbtransparent\u00bb up=\u00bb10&#8243; down=\u00bb9&#8243;][vc_column_text][latest_post type=\u00bbminimal\u00bb order_by=\u00bbdate\u00bb order=\u00bbDESC\u00bb display_category=\u00bb0&#8243; display_time=\u00bb0&#8243; display_comments=\u00bb0&#8243; display_like=\u00bb0&#8243; number_of_posts=\u00bb3&#8243; category=\u00bbbnei-anousim-audio\u00bb][vc_separator type=\u00bbtransparent\u00bb position=\u00bbleft\u00bb up=\u00bb24&#8243; down=\u00bb0&#8243;][button target=\u00bb_self\u00bb text=\u00bbM\u00e1s Bnei Anusim: Audio\u00bb link=\u00bbhttps:\/\/www.shavei.org\/es\/bnei-anusim\/bnei-anusim-audio\/\u00bb][\/vc_column_text][\/vc_tab][vc_tab title=\u00bbFotos\u00bb tab_id=\u00bb1394009434523-2-2&#8243;][vc_column_text]<\/p>\n<h4>Nuestras im\u00e1genes cuentan cara a cara la historia de quienes\u00a0retornan al juda\u00edsmo.<\/h4>\n<p>[\/vc_column_text][vc_separator type=\u00bbtransparent\u00bb up=\u00bb10&#8243; down=\u00bb9&#8243;][vc_column_text][latest_post type=\u00bbminimal\u00bb order_by=\u00bbdate\u00bb order=\u00bbDESC\u00bb display_category=\u00bb0&#8243; display_time=\u00bb0&#8243; display_comments=\u00bb0&#8243; display_like=\u00bb0&#8243; number_of_posts=\u00bb3&#8243; category=\u00bbbnei-anusim-fotos\u00bb][vc_separator type=\u00bbtransparent\u00bb position=\u00bbleft\u00bb up=\u00bb24&#8243; down=\u00bb0&#8243;][button target=\u00bb_self\u00bb text=\u00bbM\u00e1s Bnei Anusim: Fotos\u00bb link=\u00bbhttps:\/\/www.shavei.org\/es\/bnei-anusim\/bnei-anusim-fotos\/\u00bb][\/vc_column_text][\/vc_tab][\/vc_tabs][vc_separator type=\u00bbtransparent\u00bb up=\u00bb55&#8243; down=\u00bb0&#8243;][\/vc_column][\/vc_row]<\/p>\n<\/div>","protected":false},"excerpt":{"rendered":"<p>[vc_row row_type=\u00bbrow\u00bb use_row_as_full_screen_section=\u00bbno\u00bb type=\u00bbgrid\u00bb angled_section=\u00bbno\u00bb text_align=\u00bbleft\u00bb background_image_as_pattern=\u00bbwithout_pattern\u00bb background_color=\u00bb#f1f1f1&#8243; padding_top=\u00bb48&#8243; padding_bottom=\u00bb52&#8243; css_animation=\u00bb\u00bb][vc_column][vc_column_text] En los \u00faltimos a\u00f1os, en toda Espa\u00f1a, Portugal, Italia y Am\u00e9rica del Sur, un creciente n\u00famero de descendientes de Bnei Anusim est\u00e1 emergiendo de las sombras de la historia, en busca de volver a&#8230;<\/p>\n","protected":false},"author":8,"featured_media":0,"parent":24769,"menu_order":0,"comment_status":"open","ping_status":"open","template":"full_width.php","meta":{"give_campaign_id":0,"_exactmetrics_skip_tracking":false,"_exactmetrics_sitenote_active":false,"_exactmetrics_sitenote_note":"","_exactmetrics_sitenote_category":0,"ngg_post_thumbnail":0,"footnotes":""},"class_list":["post-15828","page","type-page","status-publish","hentry"],"yoast_head":"<!-- This site is optimized with the Yoast SEO plugin v27.4 - https:\/\/yoast.com\/product\/yoast-seo-wordpress\/ -->\n<title>Bnei Anusim - Shavei Israel<\/title>\n<meta name=\"robots\" content=\"index, follow, max-snippet:-1, max-image-preview:large, max-video-preview:-1\" \/>\n<link rel=\"canonical\" href=\"https:\/\/www.shavei.org\/es\/communities\/bnei-anusim\/\" \/>\n<meta property=\"og:locale\" content=\"es_ES\" \/>\n<meta property=\"og:type\" content=\"article\" \/>\n<meta property=\"og:title\" content=\"Bnei Anusim - Shavei Israel\" \/>\n<meta property=\"og:description\" content=\"[vc_row row_type=\u00bbrow\u00bb use_row_as_full_screen_section=\u00bbno\u00bb type=\u00bbgrid\u00bb angled_section=\u00bbno\u00bb text_align=\u00bbleft\u00bb background_image_as_pattern=\u00bbwithout_pattern\u00bb background_color=\u00bb#f1f1f1&#8243; padding_top=\u00bb48&#8243; padding_bottom=\u00bb52&#8243; css_animation=\u00bb\u00bb][vc_column][vc_column_text] En los \u00faltimos a\u00f1os, en toda Espa\u00f1a, Portugal, Italia y Am\u00e9rica del Sur, un creciente n\u00famero de descendientes de Bnei Anusim est\u00e1 emergiendo de las sombras de la historia, en busca de volver a...\" \/>\n<meta property=\"og:url\" content=\"https:\/\/www.shavei.org\/es\/communities\/bnei-anusim\/\" \/>\n<meta property=\"og:site_name\" content=\"Shavei Israel\" \/>\n<meta property=\"article:modified_time\" content=\"2017-03-15T09:49:46+00:00\" \/>\n<meta name=\"twitter:card\" content=\"summary_large_image\" \/>\n<meta name=\"twitter:label1\" content=\"Tiempo de lectura\" \/>\n\t<meta name=\"twitter:data1\" content=\"13 minutos\" \/>\n<script type=\"application\/ld+json\" class=\"yoast-schema-graph\">{\"@context\":\"https:\\\/\\\/schema.org\",\"@graph\":[{\"@type\":\"WebPage\",\"@id\":\"https:\\\/\\\/www.shavei.org\\\/es\\\/communities\\\/bnei-anusim\\\/\",\"url\":\"https:\\\/\\\/www.shavei.org\\\/es\\\/communities\\\/bnei-anusim\\\/\",\"name\":\"Bnei Anusim - Shavei Israel\",\"isPartOf\":{\"@id\":\"https:\\\/\\\/www.shavei.org\\\/#website\"},\"datePublished\":\"2016-01-03T03:22:09+00:00\",\"dateModified\":\"2017-03-15T09:49:46+00:00\",\"breadcrumb\":{\"@id\":\"https:\\\/\\\/www.shavei.org\\\/es\\\/communities\\\/bnei-anusim\\\/#breadcrumb\"},\"inLanguage\":\"es\",\"potentialAction\":[{\"@type\":\"ReadAction\",\"target\":[\"https:\\\/\\\/www.shavei.org\\\/es\\\/communities\\\/bnei-anusim\\\/\"]}]},{\"@type\":\"BreadcrumbList\",\"@id\":\"https:\\\/\\\/www.shavei.org\\\/es\\\/communities\\\/bnei-anusim\\\/#breadcrumb\",\"itemListElement\":[{\"@type\":\"ListItem\",\"position\":1,\"name\":\"Home\",\"item\":\"https:\\\/\\\/www.shavei.org\\\/es\\\/\"},{\"@type\":\"ListItem\",\"position\":2,\"name\":\"Comunidades\",\"item\":\"https:\\\/\\\/www.shavei.org\\\/es\\\/communities\\\/\"},{\"@type\":\"ListItem\",\"position\":3,\"name\":\"Bnei Anusim\"}]},{\"@type\":\"WebSite\",\"@id\":\"https:\\\/\\\/www.shavei.org\\\/#website\",\"url\":\"https:\\\/\\\/www.shavei.org\\\/\",\"name\":\"Shavei Israel\",\"description\":\"One nation, many faces. We help them all return.\",\"publisher\":{\"@id\":\"https:\\\/\\\/www.shavei.org\\\/#organization\"},\"potentialAction\":[{\"@type\":\"SearchAction\",\"target\":{\"@type\":\"EntryPoint\",\"urlTemplate\":\"https:\\\/\\\/www.shavei.org\\\/?s={search_term_string}\"},\"query-input\":{\"@type\":\"PropertyValueSpecification\",\"valueRequired\":true,\"valueName\":\"search_term_string\"}}],\"inLanguage\":\"es\"},{\"@type\":\"Organization\",\"@id\":\"https:\\\/\\\/www.shavei.org\\\/#organization\",\"name\":\"Shavei Israel\",\"url\":\"https:\\\/\\\/www.shavei.org\\\/\",\"logo\":{\"@type\":\"ImageObject\",\"inLanguage\":\"es\",\"@id\":\"https:\\\/\\\/www.shavei.org\\\/#\\\/schema\\\/logo\\\/image\\\/\",\"url\":\"https:\\\/\\\/www.shavei.org\\\/wp-content\\\/uploads\\\/2017\\\/10\\\/shavei-logo.jpg\",\"contentUrl\":\"https:\\\/\\\/www.shavei.org\\\/wp-content\\\/uploads\\\/2017\\\/10\\\/shavei-logo.jpg\",\"width\":300,\"height\":285,\"caption\":\"Shavei Israel\"},\"image\":{\"@id\":\"https:\\\/\\\/www.shavei.org\\\/#\\\/schema\\\/logo\\\/image\\\/\"}}]}<\/script>\n<!-- \/ Yoast SEO plugin. -->","yoast_head_json":{"title":"Bnei Anusim - Shavei Israel","robots":{"index":"index","follow":"follow","max-snippet":"max-snippet:-1","max-image-preview":"max-image-preview:large","max-video-preview":"max-video-preview:-1"},"canonical":"https:\/\/www.shavei.org\/es\/communities\/bnei-anusim\/","og_locale":"es_ES","og_type":"article","og_title":"Bnei Anusim - Shavei Israel","og_description":"[vc_row row_type=\u00bbrow\u00bb use_row_as_full_screen_section=\u00bbno\u00bb type=\u00bbgrid\u00bb angled_section=\u00bbno\u00bb text_align=\u00bbleft\u00bb background_image_as_pattern=\u00bbwithout_pattern\u00bb background_color=\u00bb#f1f1f1&#8243; padding_top=\u00bb48&#8243; padding_bottom=\u00bb52&#8243; css_animation=\u00bb\u00bb][vc_column][vc_column_text] En los \u00faltimos a\u00f1os, en toda Espa\u00f1a, Portugal, Italia y Am\u00e9rica del Sur, un creciente n\u00famero de descendientes de Bnei Anusim est\u00e1 emergiendo de las sombras de la historia, en busca de volver a...","og_url":"https:\/\/www.shavei.org\/es\/communities\/bnei-anusim\/","og_site_name":"Shavei Israel","article_modified_time":"2017-03-15T09:49:46+00:00","twitter_card":"summary_large_image","twitter_misc":{"Tiempo de lectura":"13 minutos"},"schema":{"@context":"https:\/\/schema.org","@graph":[{"@type":"WebPage","@id":"https:\/\/www.shavei.org\/es\/communities\/bnei-anusim\/","url":"https:\/\/www.shavei.org\/es\/communities\/bnei-anusim\/","name":"Bnei Anusim - Shavei Israel","isPartOf":{"@id":"https:\/\/www.shavei.org\/#website"},"datePublished":"2016-01-03T03:22:09+00:00","dateModified":"2017-03-15T09:49:46+00:00","breadcrumb":{"@id":"https:\/\/www.shavei.org\/es\/communities\/bnei-anusim\/#breadcrumb"},"inLanguage":"es","potentialAction":[{"@type":"ReadAction","target":["https:\/\/www.shavei.org\/es\/communities\/bnei-anusim\/"]}]},{"@type":"BreadcrumbList","@id":"https:\/\/www.shavei.org\/es\/communities\/bnei-anusim\/#breadcrumb","itemListElement":[{"@type":"ListItem","position":1,"name":"Home","item":"https:\/\/www.shavei.org\/es\/"},{"@type":"ListItem","position":2,"name":"Comunidades","item":"https:\/\/www.shavei.org\/es\/communities\/"},{"@type":"ListItem","position":3,"name":"Bnei Anusim"}]},{"@type":"WebSite","@id":"https:\/\/www.shavei.org\/#website","url":"https:\/\/www.shavei.org\/","name":"Shavei Israel","description":"One nation, many faces. We help them all return.","publisher":{"@id":"https:\/\/www.shavei.org\/#organization"},"potentialAction":[{"@type":"SearchAction","target":{"@type":"EntryPoint","urlTemplate":"https:\/\/www.shavei.org\/?s={search_term_string}"},"query-input":{"@type":"PropertyValueSpecification","valueRequired":true,"valueName":"search_term_string"}}],"inLanguage":"es"},{"@type":"Organization","@id":"https:\/\/www.shavei.org\/#organization","name":"Shavei Israel","url":"https:\/\/www.shavei.org\/","logo":{"@type":"ImageObject","inLanguage":"es","@id":"https:\/\/www.shavei.org\/#\/schema\/logo\/image\/","url":"https:\/\/www.shavei.org\/wp-content\/uploads\/2017\/10\/shavei-logo.jpg","contentUrl":"https:\/\/www.shavei.org\/wp-content\/uploads\/2017\/10\/shavei-logo.jpg","width":300,"height":285,"caption":"Shavei Israel"},"image":{"@id":"https:\/\/www.shavei.org\/#\/schema\/logo\/image\/"}}]}},"campaignId":"","_links":{"self":[{"href":"https:\/\/www.shavei.org\/es\/wp-json\/wp\/v2\/pages\/15828","targetHints":{"allow":["GET"]}}],"collection":[{"href":"https:\/\/www.shavei.org\/es\/wp-json\/wp\/v2\/pages"}],"about":[{"href":"https:\/\/www.shavei.org\/es\/wp-json\/wp\/v2\/types\/page"}],"author":[{"embeddable":true,"href":"https:\/\/www.shavei.org\/es\/wp-json\/wp\/v2\/users\/8"}],"replies":[{"embeddable":true,"href":"https:\/\/www.shavei.org\/es\/wp-json\/wp\/v2\/comments?post=15828"}],"version-history":[{"count":10,"href":"https:\/\/www.shavei.org\/es\/wp-json\/wp\/v2\/pages\/15828\/revisions"}],"predecessor-version":[{"id":47504,"href":"https:\/\/www.shavei.org\/es\/wp-json\/wp\/v2\/pages\/15828\/revisions\/47504"}],"up":[{"embeddable":true,"href":"https:\/\/www.shavei.org\/es\/wp-json\/wp\/v2\/pages\/24769"}],"wp:attachment":[{"href":"https:\/\/www.shavei.org\/es\/wp-json\/wp\/v2\/media?parent=15828"}],"curies":[{"name":"wp","href":"https:\/\/api.w.org\/{rel}","templated":true}]}}