{"version":"1.0","provider_name":"Shavei Israel","provider_url":"https:\/\/www.shavei.org\/es\/","author_name":"Esther Surikova","title":"\u00a1Las Comunidades de Shavei Israel celebran Purim! - Shavei Israel","type":"rich","width":600,"height":338,"html":"<blockquote class=\"wp-embedded-content\" data-secret=\"Yse74OlORt\"><a href=\"https:\/\/www.shavei.org\/es\/blog\/2019\/03\/20\/las-comunidades-de-shavei-israel-celebran-purim\/\">\u00a1Las Comunidades  de Shavei Israel celebran Purim!<\/a><\/blockquote><iframe sandbox=\"allow-scripts\" security=\"restricted\" src=\"https:\/\/www.shavei.org\/es\/blog\/2019\/03\/20\/las-comunidades-de-shavei-israel-celebran-purim\/embed\/#?secret=Yse74OlORt\" width=\"600\" height=\"338\" title=\"\u00ab\u00a1Las Comunidades  de Shavei Israel celebran Purim!\u00bb \u2014 Shavei Israel\" data-secret=\"Yse74OlORt\" frameborder=\"0\" marginwidth=\"0\" marginheight=\"0\" scrolling=\"no\" class=\"wp-embedded-content\"><\/iframe><script type=\"text\/javascript\">\n\/* <![CDATA[ *\/\n\/*! This file is auto-generated *\/\n!function(d,l){\"use strict\";l.querySelector&&d.addEventListener&&\"undefined\"!=typeof URL&&(d.wp=d.wp||{},d.wp.receiveEmbedMessage||(d.wp.receiveEmbedMessage=function(e){var t=e.data;if((t||t.secret||t.message||t.value)&&!\/[^a-zA-Z0-9]\/.test(t.secret)){for(var s,r,n,a=l.querySelectorAll('iframe[data-secret=\"'+t.secret+'\"]'),o=l.querySelectorAll('blockquote[data-secret=\"'+t.secret+'\"]'),c=new RegExp(\"^https?:$\",\"i\"),i=0;i<o.length;i++)o[i].style.display=\"none\";for(i=0;i<a.length;i++)s=a[i],e.source===s.contentWindow&&(s.removeAttribute(\"style\"),\"height\"===t.message?(1e3<(r=parseInt(t.value,10))?r=1e3:~~r<200&&(r=200),s.height=r):\"link\"===t.message&&(r=new URL(s.getAttribute(\"src\")),n=new URL(t.value),c.test(n.protocol))&&n.host===r.host&&l.activeElement===s&&(d.top.location.href=t.value))}},d.addEventListener(\"message\",d.wp.receiveEmbedMessage,!1),l.addEventListener(\"DOMContentLoaded\",function(){for(var e,t,s=l.querySelectorAll(\"iframe.wp-embedded-content\"),r=0;r<s.length;r++)(t=(e=s[r]).getAttribute(\"data-secret\"))||(t=Math.random().toString(36).substring(2,12),e.src+=\"#?secret=\"+t,e.setAttribute(\"data-secret\",t)),e.contentWindow.postMessage({message:\"ready\",secret:t},\"*\")},!1)))}(window,document);\n\/\/# sourceURL=https:\/\/www.shavei.org\/wp-includes\/js\/wp-embed.min.js\n\/* ]]> *\/\n<\/script>\n","thumbnail_url":"https:\/\/www.shavei.org\/wp-content\/uploads\/2019\/03\/31ba462f-a81c-4352-8626-2919e7f2fe8a.jpg","thumbnail_width":1032,"thumbnail_height":581,"description":"Esta semana, Israel y todo el mundo jud\u00edo celebran la festividad de Purim, y como todos los a\u00f1os tenemos una selecci\u00f3n de fotograf\u00edas recibidas de nuestros emisarios en varias comunidades jud\u00edas de todo el mundo. Aunque las comunidades est\u00e1n ubicadas en los rincones m\u00e1s remotos..."}